{"id":48076,"date":"2026-08-25T16:11:44","date_gmt":"2026-08-25T14:11:44","guid":{"rendered":"https:\/\/digpro.com\/event\/webinar-stormen-johannes-sa-skapade-falu-elnat-struktur-i-krisen\/"},"modified":"2026-08-26T14:59:16","modified_gmt":"2026-08-26T12:59:16","slug":"webinar-stormen-johannes-sa-skapade-falu-elnat-struktur-i-krisen","status":"publish","type":"tribe_events","link":"https:\/\/digpro.com\/no\/event\/webinar-stormen-johannes-sa-skapade-falu-elnat-struktur-i-krisen\/","title":{"rendered":"Webinar: Stormen Johannes &#8211; s\u00e5 skapade Falu Eln\u00e4t struktur i krisen"},"content":{"rendered":"<div class=\"\" data-block=\"true\" data-editor=\"st04\" data-offset-key=\"b3e1b-0-0\">\n<div data-offset-key=\"b3e1b-0-0\">\n<p><strong>N\u00e4r:<\/strong> 24 september, klockan 14.00-15.00<\/p>\n<p><strong>M\u00e5lgrupp:<\/strong> Energibolag och kommuner<\/p>\n<p><a href=\"https:\/\/app.univid.io\/session\/6a8d8013b23c3b062e74515b\/?view=participant\" target=\"_blank\" rel=\"noopener\"><strong>Anm\u00e4l dig h\u00e4r<\/strong><\/a><\/p>\n<\/div>\n<div class=\"public-DraftStyleDefault-block public-DraftStyleDefault-ltr\" data-offset-key=\"b3e1b-0-0\"><span data-offset-key=\"b3e1b-0-0\">N\u00e4r en storm p\u00e5 bara n\u00e5gra timmar f\u00f6r\u00e4ndrar f\u00f6ruts\u00e4ttningarna kr\u00e4vs snabba beslut, m\u00e5nga resurser och en gemensam bild av vad som h\u00e4nder &#8211; b\u00e5de p\u00e5 kontoret och ute i f\u00e4lt.<\/span><\/div>\n<\/div>\n<div class=\"\" data-block=\"true\" data-editor=\"st04\" data-offset-key=\"c033c-0-0\">\n<div class=\"public-DraftStyleDefault-block public-DraftStyleDefault-ltr\" data-offset-key=\"c033c-0-0\"><span data-offset-key=\"c033c-0-0\">I det h\u00e4r webbinariet delar <\/span><span data-offset-key=\"c033c-0-1\">Falu Eln\u00e4t<\/span><span data-offset-key=\"c033c-0-2\"> med sig av sina erfarenheter fr\u00e5n stormen Johannes. Vi f\u00e5r f\u00f6lja hur de gick fr\u00e5n normal drift till omfattande driftst\u00f6rningar, hur externa resurser mobiliseras och hur Digpros l\u00f6sningar anv\u00e4ndes f\u00f6r att skapa struktur och st\u00f6tta arbetet b\u00e5de genom och efter stormen.<\/span><\/div>\n<\/div>\n<div class=\"\" data-block=\"true\" data-editor=\"st04\" data-offset-key=\"69ce6-0-0\">\n<div class=\"public-DraftStyleDefault-block public-DraftStyleDefault-ltr\" data-offset-key=\"69ce6-0-0\"><span data-offset-key=\"69ce6-0-0\">Vi pratar ocks\u00e5 om varf\u00f6r det \u00e4r viktigt att ha digitala arbetss\u00e4tt p\u00e5 plats redan innan krisen uppst\u00e5r och varf\u00f6r informationen i Digpros system beh\u00f6ver kunna f\u00f6lja med hela v\u00e4gen ut i f\u00e4lt.<\/span><\/div>\n<\/div>\n<div class=\"\" data-block=\"true\" data-editor=\"st04\" data-offset-key=\"7vtc7-0-0\">\n<div class=\"public-DraftStyleDefault-block public-DraftStyleDefault-ltr\" data-offset-key=\"7vtc7-0-0\"><span data-offset-key=\"7vtc7-0-0\"><br \/>\nUnder webbinariet f\u00e5r du bland annat:<\/span><\/div>\n<ul>\n<li data-offset-key=\"7vtc7-0-0\">H\u00f6ra Falu Eln\u00e4ts ber\u00e4ttelse om stormen Johannes och hur de organiserade arbetet n\u00e4r situationen snabbt eskalerade.<\/li>\n<li data-offset-key=\"7vtc7-0-0\">Se hur Organizer och dpWebmap anv\u00e4ndes f\u00f6r att skapa struktur, dela information och f\u00e5 externa resurser snabbt i arbete.<\/li>\n<li data-offset-key=\"7vtc7-0-0\">F\u00f6lja en demo i dpWebmap av hur f\u00e4ltpersonal kan hitta i n\u00e4tet, f\u00e5 tillg\u00e5ng till relevant information och rapportera direkt fr\u00e5n f\u00e4lt.<\/li>\n<li data-offset-key=\"7vtc7-0-0\">Ta del av Falu Eln\u00e4ts erfarenheter och l\u00e4rdomar fr\u00e5n arbetet under och efter stormen.<\/li>\n<\/ul>\n<\/div>\n<div class=\"\" data-block=\"true\" data-editor=\"st04\" data-offset-key=\"5q6fq-0-0\">\n<div class=\"public-DraftStyleDefault-block public-DraftStyleDefault-ltr\" data-offset-key=\"5q6fq-0-0\"><span data-offset-key=\"5q6fq-0-0\">Ett konkret kundcase om hur m\u00e4nniskor, arbetss\u00e4tt och digitala verktyg tillsammans kan g\u00f6ra skillnad n\u00e4r eln\u00e4tet uts\u00e4tts f\u00f6r extrema p\u00e5frestningar.<\/span><\/div>\n<\/div>\n","protected":false},"excerpt":{"rendered":"<p>N\u00e4r: 24 september, klockan 14.00-15.00<\/p>\n<p>M\u00e5lgrupp:\u00a0Energibolag och kommuner<\/p>\n","protected":false},"author":5,"featured_media":48069,"template":"","meta":{"content-type":"","_monsterinsights_skip_tracking":false,"_monsterinsights_sitenote_active":false,"_monsterinsights_sitenote_note":"","_monsterinsights_sitenote_category":0,"site-sidebar-layout":"default","site-content-layout":"","ast-site-content-layout":"default","site-content-style":"default","site-sidebar-style":"default","ast-global-header-display":"","ast-banner-title-visibility":"","ast-main-header-display":"","ast-hfb-above-header-display":"","ast-hfb-below-header-display":"","ast-hfb-mobile-header-display":"","site-post-title":"","ast-breadcrumbs-content":"","ast-featured-img":"","footer-sml-layout":"","ast-disable-related-posts":"","theme-transparent-header-meta":"default","adv-header-id-meta":"","stick-header-meta":"default","header-above-stick-meta":"","header-main-stick-meta":"","header-below-stick-meta":"","astra-migrate-meta-layouts":"set","ast-page-background-enabled":"default","ast-page-background-meta":{"desktop":{"background-color":"","background-image":"","background-repeat":"repeat","background-position":"center center","background-size":"auto","background-attachment":"scroll","background-type":"","background-media":"","overlay-type":"","overlay-color":"","overlay-opacity":"","overlay-gradient":""},"tablet":{"background-color":"","background-image":"","background-repeat":"repeat","background-position":"center center","background-size":"auto","background-attachment":"scroll","background-type":"","background-media":"","overlay-type":"","overlay-color":"","overlay-opacity":"","overlay-gradient":""},"mobile":{"background-color":"","background-image":"","background-repeat":"repeat","background-position":"center center","background-size":"auto","background-attachment":"scroll","background-type":"","background-media":"","overlay-type":"","overlay-color":"","overlay-opacity":"","overlay-gradient":""}},"ast-content-background-meta":{"desktop":{"background-color":"var(--ast-global-color-5)","background-image":"","background-repeat":"repeat","background-position":"center center","background-size":"auto","background-attachment":"scroll","background-type":"","background-media":"","overlay-type":"","overlay-color":"","overlay-opacity":"","overlay-gradient":""},"tablet":{"background-color":"var(--ast-global-color-5)","background-image":"","background-repeat":"repeat","background-position":"center center","background-size":"auto","background-attachment":"scroll","background-type":"","background-media":"","overlay-type":"","overlay-color":"","overlay-opacity":"","overlay-gradient":""},"mobile":{"background-color":"var(--ast-global-color-5)","background-image":"","background-repeat":"repeat","background-position":"center center","background-size":"auto","background-attachment":"scroll","background-type":"","background-media":"","overlay-type":"","overlay-color":"","overlay-opacity":"","overlay-gradient":""}},"_tribe_events_status":"","_tribe_events_status_reason":"","footnotes":""},"tags":[],"tribe_events_cat":[122,144,148,123],"class_list":["post-48076","tribe_events","type-tribe_events","status-publish","has-post-thumbnail","hentry","tribe_events_cat-event-no","tribe_events_cat-event-no-2","tribe_events_cat-webinar-no-2","tribe_events_cat-webinar-no","cat_event-no","cat_event-no-2","cat_webinar-no-2","cat_webinar-no"],"yoast_head":"<!-- This site is optimized with the Yoast SEO plugin v27.7 - https:\/\/yoast.com\/product\/yoast-seo-wordpress\/ -->\n<title>Webinar: Stormen Johannes - s\u00e5 skapade Falu Eln\u00e4t struktur i krisen - Digpro (NO)<\/title>\n<meta name=\"robots\" content=\"index, follow, max-snippet:-1, max-image-preview:large, max-video-preview:-1\" \/>\n<link rel=\"canonical\" href=\"https:\/\/digpro.com\/no\/event\/webinar-stormen-johannes-sa-skapade-falu-elnat-struktur-i-krisen\/\" \/>\n<meta property=\"og:locale\" content=\"en_US\" \/>\n<meta property=\"og:type\" content=\"article\" \/>\n<meta property=\"og:title\" content=\"Webinar: Stormen Johannes - s\u00e5 skapade Falu Eln\u00e4t struktur i krisen - Digpro (NO)\" \/>\n<meta property=\"og:description\" content=\"N\u00e4r: 24 september, klockan 14.00-15.00  M\u00e5lgrupp:\u00a0Energibolag och kommuner\" \/>\n<meta property=\"og:url\" content=\"https:\/\/digpro.com\/no\/event\/webinar-stormen-johannes-sa-skapade-falu-elnat-struktur-i-krisen\/\" \/>\n<meta property=\"og:site_name\" content=\"Digpro (NO)\" \/>\n<meta property=\"article:publisher\" content=\"https:\/\/www.facebook.com\/digproab\" \/>\n<meta property=\"article:modified_time\" content=\"2026-08-26T12:59:16+00:00\" \/>\n<meta property=\"og:image\" content=\"https:\/\/digpro.com\/wp-content\/uploads\/2026\/08\/Stormen-Johannes-webinar-Events-1200x675-1.png\" \/>\n\t<meta property=\"og:image:width\" content=\"1200\" \/>\n\t<meta property=\"og:image:height\" content=\"675\" \/>\n\t<meta property=\"og:image:type\" content=\"image\/png\" \/>\n<meta name=\"twitter:card\" content=\"summary_large_image\" \/>\n<meta name=\"twitter:label1\" content=\"Est. reading time\" \/>\n\t<meta name=\"twitter:data1\" content=\"2 minutes\" \/>\n<script type=\"application\/ld+json\" class=\"yoast-schema-graph\">{\"@context\":\"https:\\\/\\\/schema.org\",\"@graph\":[{\"@type\":\"WebPage\",\"@id\":\"https:\\\/\\\/digpro.com\\\/no\\\/event\\\/webinar-stormen-johannes-sa-skapade-falu-elnat-struktur-i-krisen\\\/\",\"url\":\"https:\\\/\\\/digpro.com\\\/no\\\/event\\\/webinar-stormen-johannes-sa-skapade-falu-elnat-struktur-i-krisen\\\/\",\"name\":\"Webinar: Stormen Johannes - s\u00e5 skapade Falu Eln\u00e4t struktur i krisen - Digpro (NO)\",\"isPartOf\":{\"@id\":\"https:\\\/\\\/digpro.com\\\/no\\\/#website\"},\"primaryImageOfPage\":{\"@id\":\"https:\\\/\\\/digpro.com\\\/no\\\/event\\\/webinar-stormen-johannes-sa-skapade-falu-elnat-struktur-i-krisen\\\/#primaryimage\"},\"image\":{\"@id\":\"https:\\\/\\\/digpro.com\\\/no\\\/event\\\/webinar-stormen-johannes-sa-skapade-falu-elnat-struktur-i-krisen\\\/#primaryimage\"},\"thumbnailUrl\":\"https:\\\/\\\/digpro.com\\\/wp-content\\\/uploads\\\/2026\\\/08\\\/Stormen-Johannes-webinar-Events-1200x675-1.png\",\"datePublished\":\"2026-08-25T14:11:44+00:00\",\"dateModified\":\"2026-08-26T12:59:16+00:00\",\"breadcrumb\":{\"@id\":\"https:\\\/\\\/digpro.com\\\/no\\\/event\\\/webinar-stormen-johannes-sa-skapade-falu-elnat-struktur-i-krisen\\\/#breadcrumb\"},\"inLanguage\":\"no-NO\",\"potentialAction\":[{\"@type\":\"ReadAction\",\"target\":[\"https:\\\/\\\/digpro.com\\\/no\\\/event\\\/webinar-stormen-johannes-sa-skapade-falu-elnat-struktur-i-krisen\\\/\"]}]},{\"@type\":\"ImageObject\",\"inLanguage\":\"no-NO\",\"@id\":\"https:\\\/\\\/digpro.com\\\/no\\\/event\\\/webinar-stormen-johannes-sa-skapade-falu-elnat-struktur-i-krisen\\\/#primaryimage\",\"url\":\"https:\\\/\\\/digpro.com\\\/wp-content\\\/uploads\\\/2026\\\/08\\\/Stormen-Johannes-webinar-Events-1200x675-1.png\",\"contentUrl\":\"https:\\\/\\\/digpro.com\\\/wp-content\\\/uploads\\\/2026\\\/08\\\/Stormen-Johannes-webinar-Events-1200x675-1.png\",\"width\":1200,\"height\":675},{\"@type\":\"BreadcrumbList\",\"@id\":\"https:\\\/\\\/digpro.com\\\/no\\\/event\\\/webinar-stormen-johannes-sa-skapade-falu-elnat-struktur-i-krisen\\\/#breadcrumb\",\"itemListElement\":[{\"@type\":\"ListItem\",\"position\":1,\"name\":\"Home\",\"item\":\"https:\\\/\\\/digpro.com\\\/no\\\/\"},{\"@type\":\"ListItem\",\"position\":2,\"name\":\"Events\",\"item\":\"https:\\\/\\\/digpro.com\\\/no\\\/events-webinars\\\/\"},{\"@type\":\"ListItem\",\"position\":3,\"name\":\"Webinar: Stormen Johannes &#8211; s\u00e5 skapade Falu Eln\u00e4t struktur i krisen\"}]},{\"@type\":\"WebSite\",\"@id\":\"https:\\\/\\\/digpro.com\\\/no\\\/#website\",\"url\":\"https:\\\/\\\/digpro.com\\\/no\\\/\",\"name\":\"Digpro (NO)\",\"description\":\"Leading geographic information technologies\",\"publisher\":{\"@id\":\"https:\\\/\\\/digpro.com\\\/no\\\/#organization\"},\"potentialAction\":[{\"@type\":\"SearchAction\",\"target\":{\"@type\":\"EntryPoint\",\"urlTemplate\":\"https:\\\/\\\/digpro.com\\\/no\\\/?s={search_term_string}\"},\"query-input\":{\"@type\":\"PropertyValueSpecification\",\"valueRequired\":true,\"valueName\":\"search_term_string\"}}],\"inLanguage\":\"no-NO\"},{\"@type\":\"Organization\",\"@id\":\"https:\\\/\\\/digpro.com\\\/no\\\/#organization\",\"name\":\"Digpro\",\"url\":\"https:\\\/\\\/digpro.com\\\/no\\\/\",\"logo\":{\"@type\":\"ImageObject\",\"inLanguage\":\"no-NO\",\"@id\":\"https:\\\/\\\/digpro.com\\\/no\\\/#\\\/schema\\\/logo\\\/image\\\/\",\"url\":\"https:\\\/\\\/digpro.com\\\/wp-content\\\/uploads\\\/2020\\\/09\\\/1_Digpro_logo_vektor_pos.svg\",\"contentUrl\":\"https:\\\/\\\/digpro.com\\\/wp-content\\\/uploads\\\/2020\\\/09\\\/1_Digpro_logo_vektor_pos.svg\",\"width\":1,\"height\":1,\"caption\":\"Digpro\"},\"image\":{\"@id\":\"https:\\\/\\\/digpro.com\\\/no\\\/#\\\/schema\\\/logo\\\/image\\\/\"},\"sameAs\":[\"https:\\\/\\\/www.facebook.com\\\/digproab\",\"https:\\\/\\\/www.instagram.com\\\/lifeatdigpro\\\/\",\"https:\\\/\\\/www.linkedin.com\\\/company\\\/digpro-ab\\\/\"]}]}<\/script>\n<!-- \/ Yoast SEO plugin. -->","yoast_head_json":{"title":"Webinar: Stormen Johannes - s\u00e5 skapade Falu Eln\u00e4t struktur i krisen - Digpro (NO)","robots":{"index":"index","follow":"follow","max-snippet":"max-snippet:-1","max-image-preview":"max-image-preview:large","max-video-preview":"max-video-preview:-1"},"canonical":"https:\/\/digpro.com\/no\/event\/webinar-stormen-johannes-sa-skapade-falu-elnat-struktur-i-krisen\/","og_locale":"en_US","og_type":"article","og_title":"Webinar: Stormen Johannes - s\u00e5 skapade Falu Eln\u00e4t struktur i krisen - Digpro (NO)","og_description":"N\u00e4r: 24 september, klockan 14.00-15.00  M\u00e5lgrupp:\u00a0Energibolag och kommuner","og_url":"https:\/\/digpro.com\/no\/event\/webinar-stormen-johannes-sa-skapade-falu-elnat-struktur-i-krisen\/","og_site_name":"Digpro (NO)","article_publisher":"https:\/\/www.facebook.com\/digproab","article_modified_time":"2026-08-26T12:59:16+00:00","og_image":[{"width":1200,"height":675,"url":"https:\/\/digpro.com\/wp-content\/uploads\/2026\/08\/Stormen-Johannes-webinar-Events-1200x675-1.png","type":"image\/png"}],"twitter_card":"summary_large_image","twitter_misc":{"Est. reading time":"2 minutes"},"schema":{"@context":"https:\/\/schema.org","@graph":[{"@type":"WebPage","@id":"https:\/\/digpro.com\/no\/event\/webinar-stormen-johannes-sa-skapade-falu-elnat-struktur-i-krisen\/","url":"https:\/\/digpro.com\/no\/event\/webinar-stormen-johannes-sa-skapade-falu-elnat-struktur-i-krisen\/","name":"Webinar: Stormen Johannes - s\u00e5 skapade Falu Eln\u00e4t struktur i krisen - Digpro (NO)","isPartOf":{"@id":"https:\/\/digpro.com\/no\/#website"},"primaryImageOfPage":{"@id":"https:\/\/digpro.com\/no\/event\/webinar-stormen-johannes-sa-skapade-falu-elnat-struktur-i-krisen\/#primaryimage"},"image":{"@id":"https:\/\/digpro.com\/no\/event\/webinar-stormen-johannes-sa-skapade-falu-elnat-struktur-i-krisen\/#primaryimage"},"thumbnailUrl":"https:\/\/digpro.com\/wp-content\/uploads\/2026\/08\/Stormen-Johannes-webinar-Events-1200x675-1.png","datePublished":"2026-08-25T14:11:44+00:00","dateModified":"2026-08-26T12:59:16+00:00","breadcrumb":{"@id":"https:\/\/digpro.com\/no\/event\/webinar-stormen-johannes-sa-skapade-falu-elnat-struktur-i-krisen\/#breadcrumb"},"inLanguage":"no-NO","potentialAction":[{"@type":"ReadAction","target":["https:\/\/digpro.com\/no\/event\/webinar-stormen-johannes-sa-skapade-falu-elnat-struktur-i-krisen\/"]}]},{"@type":"ImageObject","inLanguage":"no-NO","@id":"https:\/\/digpro.com\/no\/event\/webinar-stormen-johannes-sa-skapade-falu-elnat-struktur-i-krisen\/#primaryimage","url":"https:\/\/digpro.com\/wp-content\/uploads\/2026\/08\/Stormen-Johannes-webinar-Events-1200x675-1.png","contentUrl":"https:\/\/digpro.com\/wp-content\/uploads\/2026\/08\/Stormen-Johannes-webinar-Events-1200x675-1.png","width":1200,"height":675},{"@type":"BreadcrumbList","@id":"https:\/\/digpro.com\/no\/event\/webinar-stormen-johannes-sa-skapade-falu-elnat-struktur-i-krisen\/#breadcrumb","itemListElement":[{"@type":"ListItem","position":1,"name":"Home","item":"https:\/\/digpro.com\/no\/"},{"@type":"ListItem","position":2,"name":"Events","item":"https:\/\/digpro.com\/no\/events-webinars\/"},{"@type":"ListItem","position":3,"name":"Webinar: Stormen Johannes &#8211; s\u00e5 skapade Falu Eln\u00e4t struktur i krisen"}]},{"@type":"WebSite","@id":"https:\/\/digpro.com\/no\/#website","url":"https:\/\/digpro.com\/no\/","name":"Digpro (NO)","description":"Leading geographic information technologies","publisher":{"@id":"https:\/\/digpro.com\/no\/#organization"},"potentialAction":[{"@type":"SearchAction","target":{"@type":"EntryPoint","urlTemplate":"https:\/\/digpro.com\/no\/?s={search_term_string}"},"query-input":{"@type":"PropertyValueSpecification","valueRequired":true,"valueName":"search_term_string"}}],"inLanguage":"no-NO"},{"@type":"Organization","@id":"https:\/\/digpro.com\/no\/#organization","name":"Digpro","url":"https:\/\/digpro.com\/no\/","logo":{"@type":"ImageObject","inLanguage":"no-NO","@id":"https:\/\/digpro.com\/no\/#\/schema\/logo\/image\/","url":"https:\/\/digpro.com\/wp-content\/uploads\/2020\/09\/1_Digpro_logo_vektor_pos.svg","contentUrl":"https:\/\/digpro.com\/wp-content\/uploads\/2020\/09\/1_Digpro_logo_vektor_pos.svg","width":1,"height":1,"caption":"Digpro"},"image":{"@id":"https:\/\/digpro.com\/no\/#\/schema\/logo\/image\/"},"sameAs":["https:\/\/www.facebook.com\/digproab","https:\/\/www.instagram.com\/lifeatdigpro\/","https:\/\/www.linkedin.com\/company\/digpro-ab\/"]}]}},"publishpress_future_workflow_manual_trigger":{"enabledWorkflows":[]},"_links":{"self":[{"href":"https:\/\/digpro.com\/no\/wp-json\/wp\/v2\/tribe_events\/48076","targetHints":{"allow":["GET"]}}],"collection":[{"href":"https:\/\/digpro.com\/no\/wp-json\/wp\/v2\/tribe_events"}],"about":[{"href":"https:\/\/digpro.com\/no\/wp-json\/wp\/v2\/types\/tribe_events"}],"author":[{"embeddable":true,"href":"https:\/\/digpro.com\/no\/wp-json\/wp\/v2\/users\/5"}],"version-history":[{"count":2,"href":"https:\/\/digpro.com\/no\/wp-json\/wp\/v2\/tribe_events\/48076\/revisions"}],"predecessor-version":[{"id":48457,"href":"https:\/\/digpro.com\/no\/wp-json\/wp\/v2\/tribe_events\/48076\/revisions\/48457"}],"wp:featuredmedia":[{"embeddable":true,"href":"https:\/\/digpro.com\/no\/wp-json\/wp\/v2\/media\/48069"}],"wp:attachment":[{"href":"https:\/\/digpro.com\/no\/wp-json\/wp\/v2\/media?parent=48076"}],"wp:term":[{"taxonomy":"post_tag","embeddable":true,"href":"https:\/\/digpro.com\/no\/wp-json\/wp\/v2\/tags?post=48076"},{"taxonomy":"tribe_events_cat","embeddable":true,"href":"https:\/\/digpro.com\/no\/wp-json\/wp\/v2\/tribe_events_cat?post=48076"}],"curies":[{"name":"wp","href":"https:\/\/api.w.org\/{rel}","templated":true}]}}